{"id":606050,"date":"2026-03-23T10:20:53","date_gmt":"2026-03-23T08:20:53","guid":{"rendered":"https:\/\/www.visitharju.ee\/?post_type=visitestonia&#038;p=606050"},"modified":"2026-03-30T10:09:50","modified_gmt":"2026-03-30T07:09:50","slug":"pakri-ainavas-aizsardzibas-zona-un-stavkrasts","status":"publish","type":"visitestonia","link":"https:\/\/www.visitharju.ee\/lv\/pakri-ainavas-aizsardzibas-zona-un-stavkrasts\/","title":{"rendered":"Pakri ainavas aizsardz\u012bbas zona un st\u0101vkrasts"},"content":{"rendered":"<p>Pakri ainavu aizsardz\u012bbas zona ir svar\u012bga vieta dabas aizsardz\u012bb\u0101, kur tiek saglab\u0101ta sug\u0101m bag\u0101ta piekrastes l\u012bnijas un reti biotopi. St\u0101vkrasts \u0161eit ir augsts un sp\u0113c\u012bgs, no t\u0101 paveras skats uz ka\u013c\u0137akmens sl\u0101\u0146iem un v\u0113ja veidot\u0101m form\u0101m, un no t\u0101 var redz\u0113t dzi\u013ci zilo j\u016bru un tuv\u0113j\u0101s salas.<\/p>\n<p>\u0160eit var pastaig\u0101ties <strong>pa Pakri dabas m\u0101c\u012bbu taku<\/strong>, uzk\u0101pt <strong>b\u0101k\u0101 <\/strong>un pavad\u012bt nakti <strong>tel\u0161u viet\u0101.<\/strong> Ja v\u0113lies, rezerv\u0113 <a href=\"https:\/\/pakrisaared.ee\/\" target=\"_blank\" rel=\"noopener\"><strong>ekskursiju<\/strong> pa tuv\u0113j\u0101m sal\u0101m<\/a>, kur piekrastes skaistums paveras no cita le\u0146\u0137a.<\/p>\n<p>N\u0101c apbr\u012bnot skatu uz st\u0101vkrastu, pastaig\u0101jies gar garo klints malu un apmekl\u0113 b\u0101ku, lai izbaud\u012btu Pakri dabas skaistumu no vis\u0101m pus\u0113m!<\/p>\n","protected":false},"featured_media":513128,"parent":0,"template":"","visitestonia-kategooria":[33884,33933],"class_list":["post-606050","visitestonia","type-visitestonia","status-publish","has-post-thumbnail","hentry","visitestonia-kategooria-daba-un-aktivitates","visitestonia-kategooria-dabas-atputa"],"acf":[],"yoast_head":"<!-- This site is optimized with the Yoast SEO plugin v27.4 - https:\/\/yoast.com\/product\/yoast-seo-wordpress\/ -->\n<title>Pakri ainavas aizsardz\u012bbas zona un st\u0101vkrasts | Visit Harju<\/title>\n<meta name=\"robots\" content=\"index, follow, max-snippet:-1, max-image-preview:large, max-video-preview:-1\" \/>\n<link rel=\"canonical\" href=\"https:\/\/www.visitharju.ee\/pakri-maastikukaitseala-ja-pankrannik\/\" \/>\n<meta property=\"og:locale\" content=\"lv_LV\" \/>\n<meta property=\"og:type\" content=\"article\" \/>\n<meta property=\"og:title\" content=\"Pakri ainavas aizsardz\u012bbas zona un st\u0101vkrasts | Visit Harju\" \/>\n<meta property=\"og:description\" content=\"Pakri ainavu aizsardz\u012bbas zona ir svar\u012bga vieta dabas aizsardz\u012bb\u0101, kur tiek saglab\u0101ta sug\u0101m bag\u0101ta piekrastes l\u012bnijas un reti biotopi. St\u0101vkrasts \u0161eit ir augsts un sp\u0113c\u012bgs, no t\u0101 paveras skats uz ka\u013c\u0137akmens sl\u0101\u0146iem un v\u0113ja veidot\u0101m...\" \/>\n<meta property=\"og:url\" content=\"https:\/\/www.visitharju.ee\/pakri-maastikukaitseala-ja-pankrannik\/\" \/>\n<meta property=\"og:site_name\" content=\"Visit Harju\" \/>\n<meta property=\"article:publisher\" content=\"https:\/\/www.facebook.com\/Visitharju\" \/>\n<meta property=\"article:modified_time\" content=\"2026-03-30T07:09:50+00:00\" \/>\n<meta property=\"og:image\" content=\"https:\/\/www.visitharju.ee\/wp-content\/uploads\/2009\/08\/pakri-maastikukaitseala-ja-pankrannik-007-visit-estonia-scaled.jpg\" \/>\n\t<meta property=\"og:image:width\" content=\"2560\" \/>\n\t<meta property=\"og:image:height\" content=\"1705\" \/>\n\t<meta property=\"og:image:type\" content=\"image\/jpeg\" \/>\n<meta name=\"twitter:card\" content=\"summary_large_image\" \/>\n<meta name=\"twitter:label1\" content=\"Est. reading time\" \/>\n\t<meta name=\"twitter:data1\" content=\"1 minute\" \/>\n<script type=\"application\/ld+json\" class=\"yoast-schema-graph\">{\"@context\":\"https:\\\/\\\/schema.org\",\"@graph\":[{\"@type\":\"WebPage\",\"@id\":\"https:\\\/\\\/www.visitharju.ee\\\/pakri-maastikukaitseala-ja-pankrannik\\\/\",\"url\":\"https:\\\/\\\/www.visitharju.ee\\\/pakri-maastikukaitseala-ja-pankrannik\\\/\",\"name\":\"Pakri ainavas aizsardz\u012bbas zona un st\u0101vkrasts | Visit Harju\",\"isPartOf\":{\"@id\":\"https:\\\/\\\/visitharju.ee\\\/en\\\/#website\"},\"primaryImageOfPage\":{\"@id\":\"https:\\\/\\\/www.visitharju.ee\\\/pakri-maastikukaitseala-ja-pankrannik\\\/#primaryimage\"},\"image\":{\"@id\":\"https:\\\/\\\/www.visitharju.ee\\\/pakri-maastikukaitseala-ja-pankrannik\\\/#primaryimage\"},\"thumbnailUrl\":\"https:\\\/\\\/visitharju.ee\\\/wp-content\\\/uploads\\\/2009\\\/08\\\/pakri-maastikukaitseala-ja-pankrannik-007-visit-estonia-scaled.jpg\",\"datePublished\":\"2026-03-23T08:20:53+00:00\",\"dateModified\":\"2026-03-30T07:09:50+00:00\",\"breadcrumb\":{\"@id\":\"https:\\\/\\\/www.visitharju.ee\\\/pakri-maastikukaitseala-ja-pankrannik\\\/#breadcrumb\"},\"inLanguage\":\"lv-LV\",\"potentialAction\":[{\"@type\":\"ReadAction\",\"target\":[\"https:\\\/\\\/www.visitharju.ee\\\/pakri-maastikukaitseala-ja-pankrannik\\\/\"]}]},{\"@type\":\"ImageObject\",\"inLanguage\":\"lv-LV\",\"@id\":\"https:\\\/\\\/www.visitharju.ee\\\/pakri-maastikukaitseala-ja-pankrannik\\\/#primaryimage\",\"url\":\"https:\\\/\\\/visitharju.ee\\\/wp-content\\\/uploads\\\/2009\\\/08\\\/pakri-maastikukaitseala-ja-pankrannik-007-visit-estonia-scaled.jpg\",\"contentUrl\":\"https:\\\/\\\/visitharju.ee\\\/wp-content\\\/uploads\\\/2009\\\/08\\\/pakri-maastikukaitseala-ja-pankrannik-007-visit-estonia-scaled.jpg\",\"width\":2560,\"height\":1705},{\"@type\":\"BreadcrumbList\",\"@id\":\"https:\\\/\\\/www.visitharju.ee\\\/pakri-maastikukaitseala-ja-pankrannik\\\/#breadcrumb\",\"itemListElement\":[{\"@type\":\"ListItem\",\"position\":1,\"name\":\"Home\",\"item\":\"https:\\\/\\\/visitharju.ee\\\/lv\\\/\"},{\"@type\":\"ListItem\",\"position\":2,\"name\":\"Visitestonia\",\"item\":\"https:\\\/\\\/visitharju.ee\\\/en\\\/visitestonia-kategooria\\\/\"},{\"@type\":\"ListItem\",\"position\":3,\"name\":\"Pakri ainavas aizsardz\u012bbas zona un st\u0101vkrasts\"}]},{\"@type\":\"WebSite\",\"@id\":\"https:\\\/\\\/visitharju.ee\\\/en\\\/#website\",\"url\":\"https:\\\/\\\/visitharju.ee\\\/en\\\/\",\"name\":\"Visit Harju\",\"description\":\"\",\"publisher\":{\"@id\":\"https:\\\/\\\/visitharju.ee\\\/en\\\/#organization\"},\"potentialAction\":[{\"@type\":\"SearchAction\",\"target\":{\"@type\":\"EntryPoint\",\"urlTemplate\":\"https:\\\/\\\/visitharju.ee\\\/en\\\/?s={search_term_string}\"},\"query-input\":{\"@type\":\"PropertyValueSpecification\",\"valueRequired\":true,\"valueName\":\"search_term_string\"}}],\"inLanguage\":\"lv-LV\"},{\"@type\":\"Organization\",\"@id\":\"https:\\\/\\\/visitharju.ee\\\/en\\\/#organization\",\"name\":\"Visit Harju\",\"url\":\"https:\\\/\\\/visitharju.ee\\\/en\\\/\",\"logo\":{\"@type\":\"ImageObject\",\"inLanguage\":\"lv-LV\",\"@id\":\"https:\\\/\\\/visitharju.ee\\\/en\\\/#\\\/schema\\\/logo\\\/image\\\/\",\"url\":\"https:\\\/\\\/visitharju.ee\\\/wp-content\\\/uploads\\\/2023\\\/10\\\/Visitharju-logo.png\",\"contentUrl\":\"https:\\\/\\\/visitharju.ee\\\/wp-content\\\/uploads\\\/2023\\\/10\\\/Visitharju-logo.png\",\"width\":1892,\"height\":567,\"caption\":\"Visit Harju\"},\"image\":{\"@id\":\"https:\\\/\\\/visitharju.ee\\\/en\\\/#\\\/schema\\\/logo\\\/image\\\/\"},\"sameAs\":[\"https:\\\/\\\/www.facebook.com\\\/Visitharju\",\"https:\\\/\\\/www.instagram.com\\\/visitharju\\\/\",\"https:\\\/\\\/www.youtube.com\\\/channel\\\/UCzjhqLjaCYy13XcGq5aSEWQ\"]}]}<\/script>\n<!-- \/ Yoast SEO plugin. -->","yoast_head_json":{"title":"Pakri ainavas aizsardz\u012bbas zona un st\u0101vkrasts | Visit Harju","robots":{"index":"index","follow":"follow","max-snippet":"max-snippet:-1","max-image-preview":"max-image-preview:large","max-video-preview":"max-video-preview:-1"},"canonical":"https:\/\/www.visitharju.ee\/pakri-maastikukaitseala-ja-pankrannik\/","og_locale":"lv_LV","og_type":"article","og_title":"Pakri ainavas aizsardz\u012bbas zona un st\u0101vkrasts | Visit Harju","og_description":"Pakri ainavu aizsardz\u012bbas zona ir svar\u012bga vieta dabas aizsardz\u012bb\u0101, kur tiek saglab\u0101ta sug\u0101m bag\u0101ta piekrastes l\u012bnijas un reti biotopi. St\u0101vkrasts \u0161eit ir augsts un sp\u0113c\u012bgs, no t\u0101 paveras skats uz ka\u013c\u0137akmens sl\u0101\u0146iem un v\u0113ja veidot\u0101m...","og_url":"https:\/\/www.visitharju.ee\/pakri-maastikukaitseala-ja-pankrannik\/","og_site_name":"Visit Harju","article_publisher":"https:\/\/www.facebook.com\/Visitharju","article_modified_time":"2026-03-30T07:09:50+00:00","og_image":[{"width":2560,"height":1705,"url":"https:\/\/www.visitharju.ee\/wp-content\/uploads\/2009\/08\/pakri-maastikukaitseala-ja-pankrannik-007-visit-estonia-scaled.jpg","type":"image\/jpeg"}],"twitter_card":"summary_large_image","twitter_misc":{"Est. reading time":"1 minute"},"schema":{"@context":"https:\/\/schema.org","@graph":[{"@type":"WebPage","@id":"https:\/\/www.visitharju.ee\/pakri-maastikukaitseala-ja-pankrannik\/","url":"https:\/\/www.visitharju.ee\/pakri-maastikukaitseala-ja-pankrannik\/","name":"Pakri ainavas aizsardz\u012bbas zona un st\u0101vkrasts | Visit Harju","isPartOf":{"@id":"https:\/\/visitharju.ee\/en\/#website"},"primaryImageOfPage":{"@id":"https:\/\/www.visitharju.ee\/pakri-maastikukaitseala-ja-pankrannik\/#primaryimage"},"image":{"@id":"https:\/\/www.visitharju.ee\/pakri-maastikukaitseala-ja-pankrannik\/#primaryimage"},"thumbnailUrl":"https:\/\/visitharju.ee\/wp-content\/uploads\/2009\/08\/pakri-maastikukaitseala-ja-pankrannik-007-visit-estonia-scaled.jpg","datePublished":"2026-03-23T08:20:53+00:00","dateModified":"2026-03-30T07:09:50+00:00","breadcrumb":{"@id":"https:\/\/www.visitharju.ee\/pakri-maastikukaitseala-ja-pankrannik\/#breadcrumb"},"inLanguage":"lv-LV","potentialAction":[{"@type":"ReadAction","target":["https:\/\/www.visitharju.ee\/pakri-maastikukaitseala-ja-pankrannik\/"]}]},{"@type":"ImageObject","inLanguage":"lv-LV","@id":"https:\/\/www.visitharju.ee\/pakri-maastikukaitseala-ja-pankrannik\/#primaryimage","url":"https:\/\/visitharju.ee\/wp-content\/uploads\/2009\/08\/pakri-maastikukaitseala-ja-pankrannik-007-visit-estonia-scaled.jpg","contentUrl":"https:\/\/visitharju.ee\/wp-content\/uploads\/2009\/08\/pakri-maastikukaitseala-ja-pankrannik-007-visit-estonia-scaled.jpg","width":2560,"height":1705},{"@type":"BreadcrumbList","@id":"https:\/\/www.visitharju.ee\/pakri-maastikukaitseala-ja-pankrannik\/#breadcrumb","itemListElement":[{"@type":"ListItem","position":1,"name":"Home","item":"https:\/\/visitharju.ee\/lv\/"},{"@type":"ListItem","position":2,"name":"Visitestonia","item":"https:\/\/visitharju.ee\/en\/visitestonia-kategooria\/"},{"@type":"ListItem","position":3,"name":"Pakri ainavas aizsardz\u012bbas zona un st\u0101vkrasts"}]},{"@type":"WebSite","@id":"https:\/\/visitharju.ee\/en\/#website","url":"https:\/\/visitharju.ee\/en\/","name":"Visit Harju","description":"","publisher":{"@id":"https:\/\/visitharju.ee\/en\/#organization"},"potentialAction":[{"@type":"SearchAction","target":{"@type":"EntryPoint","urlTemplate":"https:\/\/visitharju.ee\/en\/?s={search_term_string}"},"query-input":{"@type":"PropertyValueSpecification","valueRequired":true,"valueName":"search_term_string"}}],"inLanguage":"lv-LV"},{"@type":"Organization","@id":"https:\/\/visitharju.ee\/en\/#organization","name":"Visit Harju","url":"https:\/\/visitharju.ee\/en\/","logo":{"@type":"ImageObject","inLanguage":"lv-LV","@id":"https:\/\/visitharju.ee\/en\/#\/schema\/logo\/image\/","url":"https:\/\/visitharju.ee\/wp-content\/uploads\/2023\/10\/Visitharju-logo.png","contentUrl":"https:\/\/visitharju.ee\/wp-content\/uploads\/2023\/10\/Visitharju-logo.png","width":1892,"height":567,"caption":"Visit Harju"},"image":{"@id":"https:\/\/visitharju.ee\/en\/#\/schema\/logo\/image\/"},"sameAs":["https:\/\/www.facebook.com\/Visitharju","https:\/\/www.instagram.com\/visitharju\/","https:\/\/www.youtube.com\/channel\/UCzjhqLjaCYy13XcGq5aSEWQ"]}]}},"_links":{"self":[{"href":"https:\/\/www.visitharju.ee\/lv\/wp-json\/wp\/v2\/visitestonia\/606050","targetHints":{"allow":["GET"]}}],"collection":[{"href":"https:\/\/www.visitharju.ee\/lv\/wp-json\/wp\/v2\/visitestonia"}],"about":[{"href":"https:\/\/www.visitharju.ee\/lv\/wp-json\/wp\/v2\/types\/visitestonia"}],"wp:featuredmedia":[{"embeddable":true,"href":"https:\/\/www.visitharju.ee\/lv\/wp-json\/wp\/v2\/media\/513128"}],"wp:attachment":[{"href":"https:\/\/www.visitharju.ee\/lv\/wp-json\/wp\/v2\/media?parent=606050"}],"wp:term":[{"taxonomy":"visitestonia-kategooria","embeddable":true,"href":"https:\/\/www.visitharju.ee\/lv\/wp-json\/wp\/v2\/visitestonia-kategooria?post=606050"}],"curies":[{"name":"wp","href":"https:\/\/api.w.org\/{rel}","templated":true}]}}